{"id":1577,"date":"2026-09-03T07:50:45","date_gmt":"2026-09-03T07:50:45","guid":{"rendered":"https:\/\/cositalcantabria.org\/?post_type=nproject&#038;p=1577"},"modified":"2026-09-03T07:53:46","modified_gmt":"2026-09-03T07:53:46","slug":"nombramiento-provisional-de-secretaria-intervencion-del-ayuntamiento-de-ribamontan-al-monte","status":"publish","type":"nproject","link":"https:\/\/cositalcantabria.org\/index.php\/nproject\/nombramiento-provisional-de-secretaria-intervencion-del-ayuntamiento-de-ribamontan-al-monte\/","title":{"rendered":"Nombramiento provisional de Secretar\u00eda-Intervenci\u00f3n del Ayuntamiento de Ribamont\u00e1n al Monte"},"content":{"rendered":"\r\n<div class=\"vce-row-container\" data-vce-boxed-width=\"true\">\r\n<div id=\"el-a52ec8bc\" class=\"vce-row vce-row--col-gap-30 vce-row-equal-height vce-row-content--top\" data-vce-do-apply=\"all el-a52ec8bc\">\r\n<div class=\"vce-row-content\" data-vce-element-content=\"true\">\r\n<div id=\"el-c166cc30\" class=\"vce-col vce-col--md-auto vce-col--xs-1 vce-col--xs-last vce-col--xs-first vce-col--sm-last vce-col--sm-first vce-col--md-last vce-col--lg-last vce-col--xl-last vce-col--md-first vce-col--lg-first vce-col--xl-first\">\r\n<div class=\"vce-col-inner\" data-vce-do-apply=\"border margin background  el-c166cc30\">\r\n<div class=\"vce-col-content\" data-vce-element-content=\"true\" data-vce-do-apply=\"padding el-c166cc30\">\r\n<div class=\"vcv-row-control-wrapper\">\u00a0<\/div>\r\n<\/div>\r\n<\/div>\r\n<\/div>\r\n<\/div>\r\n<\/div>\r\n<\/div>\r\n\r\n<div class=\"vce-row-container\" data-vce-boxed-width=\"true\">\r\n<div id=\"el-b72be7fd\" class=\"vce-row vce-row--col-gap-30 vce-row-equal-height vce-row-content--top\" data-vce-do-apply=\"all el-b72be7fd\">\r\n<div class=\"vce-row-content\" data-vce-element-content=\"true\">\r\n<div id=\"el-77d0ea57\" class=\"vce-col vce-col--md-35p vce-col--xs-1 vce-col--xs-last vce-col--xs-first vce-col--sm-last vce-col--sm-first vce-col--md-first vce-col--lg-first vce-col--xl-first\">\r\n<div class=\"vce-col-inner\" data-vce-do-apply=\"border margin background  el-77d0ea57\">\r\n<div class=\"vce-col-content\" data-vce-element-content=\"true\" data-vce-do-apply=\"padding el-77d0ea57\">\r\n<div class=\"vce-text-block\">\r\n<div id=\"el-069826af\" class=\"vce-text-block-wrapper vce\" data-vce-do-apply=\"all el-069826af\">\r\n<p><strong>Entidad: <\/strong>Ayuntamiento de Ribamont\u00e1n al Monte<br \/><br \/><strong>Plaza: <\/strong>Secretar\u00eda-Intervenci\u00f3n<br \/><strong>Categor\u00eda: --<\/strong><br \/><strong>Escala:\u00a0--<\/strong><br \/><strong>Subescala:\u00a0<\/strong><\/p>\r\n<p><strong>Plazo de solicitud: <\/strong>10 d\u00edas naturales<\/p>\r\n<p>Enlace a la convocatoria<\/p>\r\n<p><div class=\"wp-block-pdfemb-pdf-embedder-viewer\"><a href=\"https:\/\/cositalcantabria.org\/wp-content\/uploads\/2026\/09\/ribamontan_al_monte.pdf\" class=\"pdfemb-viewer\" style=\"\" data-width=\"max\" data-height=\"max\" data-toolbar=\"bottom\" data-toolbar-fixed=\"off\">ribamontan_al_monte<\/a><\/div><\/p>\r\n<\/div>\r\n<\/div>\r\n<\/div>\r\n<\/div>\r\n<\/div>\r\n\r\n<div id=\"el-71fd75f9\" class=\"vce-col vce-col--md-65p vce-col--xs-1 vce-col--xs-last vce-col--xs-first vce-col--sm-last vce-col--sm-first vce-col--md-last vce-col--lg-last vce-col--xl-last\">\r\n<div class=\"vce-col-inner\" data-vce-do-apply=\"border margin background  el-71fd75f9\">\r\n<div class=\"vce-col-content\" data-vce-element-content=\"true\" data-vce-do-apply=\"padding el-71fd75f9\">\r\n<div class=\"vce-text-block\">\r\n<div id=\"el-d7d2d763\" class=\"vce-text-block-wrapper vce\" data-vce-do-apply=\"all el-d7d2d763\">\r\n<p class=\"p1\">Dada la ausencia por incapacidad temporal de la titular del puesto de Secretar\u00eda-Intervenci\u00f3n del Ayuntamiento de Ribamont\u00e1n al Monte, plaza reservada a funcionarios de Administraci\u00f3n Local con habilitaci\u00f3n de car\u00e1cter nacional pertenecientes a la subescala de Secretar\u00eda-Intervenci\u00f3n y, al objeto de que pueda proveerse la plaza mediante nombramiento provisional, comisi\u00f3n de servicios o acumulaci\u00f3n por funcionario para el desempe\u00f1o temporal del referido puesto y siendo precisa la cobertura de forma inmediata, por medio de la presente se solicita que, por parte de ese Colegio Territorial, se sirva publicar la mencionada vacante a fin de que los funcionarios interesados, si los hubiera, soliciten desempe\u00f1ar el mismo en cualquier de las modalidades previstas en los art\u00edculos 48 y siguientes del Real Decreto 128\/2018 de 16 de marzo, por el que se regula el r\u00e9gimen jur\u00eddico de los funcionarios de Administraci\u00f3n Local con habilitaci\u00f3n de car\u00e1cter nacional.<\/p>\r\n<p class=\"p1\">Asimismo, se solicita que, en el caso de que transcurrido el plazo de diez d\u00edas naturales para la presentaci\u00f3n de solicitudes no hubiera ning\u00fan interesado, se remita a este Ayuntamiento y a la Comunidad Aut\u00f3noma informe acreditativo de la publicaci\u00f3n.<\/p>\r\n<p class=\"p1\">En Ribamont\u00e1n al Monte, a fecha de la firma electr\u00f3nica.<\/p>\r\n<p class=\"p1\">EL ALCALDE<br \/>Ra\u00fal Ferm\u00edn Ruiz S\u00e1nchez<br \/><br \/><\/p>\r\n<\/div>\r\n<\/div>\r\n<\/div>\r\n<\/div>\r\n<\/div>\r\n<\/div>\r\n<\/div>\r\n<\/div>\r\n","protected":false},"excerpt":{"rendered":"<p>Entidad: Ayuntamiento de Ribamont\u00e1n al MontePlaza: Secretar\u00eda-Intervenci\u00f3nCategor\u00eda: &#8211;Escala:\u00a0&#8211;Subescala:\u00a0 Plazo de solicitud: 10 d\u00edas naturales Enlace a la convocatoria Dada la ausencia por incapacidad temporal de la titular del puesto de [&hellip;]<\/p>\n","protected":false},"featured_media":1579,"template":"","nproject-category":[39,50],"nproject-tag":[],"class_list":["post-1577","nproject","type-nproject","status-publish","has-post-thumbnail","hentry","nproject-category-interinidades","nproject-category-vacantes"],"_links":{"self":[{"href":"https:\/\/cositalcantabria.org\/index.php\/wp-json\/wp\/v2\/nproject\/1577","targetHints":{"allow":["GET"]}}],"collection":[{"href":"https:\/\/cositalcantabria.org\/index.php\/wp-json\/wp\/v2\/nproject"}],"about":[{"href":"https:\/\/cositalcantabria.org\/index.php\/wp-json\/wp\/v2\/types\/nproject"}],"wp:featuredmedia":[{"embeddable":true,"href":"https:\/\/cositalcantabria.org\/index.php\/wp-json\/wp\/v2\/media\/1579"}],"wp:attachment":[{"href":"https:\/\/cositalcantabria.org\/index.php\/wp-json\/wp\/v2\/media?parent=1577"}],"wp:term":[{"taxonomy":"nproject-category","embeddable":true,"href":"https:\/\/cositalcantabria.org\/index.php\/wp-json\/wp\/v2\/nproject-category?post=1577"},{"taxonomy":"nproject-tag","embeddable":true,"href":"https:\/\/cositalcantabria.org\/index.php\/wp-json\/wp\/v2\/nproject-tag?post=1577"}],"curies":[{"name":"wp","href":"https:\/\/api.w.org\/{rel}","templated":true}]}}