{"id":1572,"date":"2026-08-25T07:38:02","date_gmt":"2026-08-25T07:38:02","guid":{"rendered":"https:\/\/cositalcantabria.org\/?post_type=nproject&#038;p=1572"},"modified":"2026-08-25T07:38:54","modified_gmt":"2026-08-25T07:38:54","slug":"vacante-la-plaza-de-intervencion-en-el-ayuntamiento-de-cabezon-de-la-sal","status":"publish","type":"nproject","link":"https:\/\/cositalcantabria.org\/index.php\/nproject\/vacante-la-plaza-de-intervencion-en-el-ayuntamiento-de-cabezon-de-la-sal\/","title":{"rendered":"Vacante la plaza de Intervenci\u00f3n en el Ayuntamiento de Cabez\u00f3n de la Sal"},"content":{"rendered":"\r\n<div class=\"vce-row-container\" data-vce-boxed-width=\"true\">\r\n<div id=\"el-a52ec8bc\" class=\"vce-row vce-row--col-gap-30 vce-row-equal-height vce-row-content--top\" data-vce-do-apply=\"all el-a52ec8bc\">\r\n<div class=\"vce-row-content\" data-vce-element-content=\"true\">\r\n<div id=\"el-c166cc30\" class=\"vce-col vce-col--md-auto vce-col--xs-1 vce-col--xs-last vce-col--xs-first vce-col--sm-last vce-col--sm-first vce-col--md-last vce-col--lg-last vce-col--xl-last vce-col--md-first vce-col--lg-first vce-col--xl-first\">\r\n<div class=\"vce-col-inner\" data-vce-do-apply=\"border margin background  el-c166cc30\">\r\n<div class=\"vce-col-content\" data-vce-element-content=\"true\" data-vce-do-apply=\"padding el-c166cc30\">\r\n<div class=\"vcv-row-control-wrapper\">\u00a0<\/div>\r\n<\/div>\r\n<\/div>\r\n<\/div>\r\n<\/div>\r\n<\/div>\r\n<\/div>\r\n\r\n<div class=\"vce-row-container\" data-vce-boxed-width=\"true\">\r\n<div id=\"el-b72be7fd\" class=\"vce-row vce-row--col-gap-30 vce-row-equal-height vce-row-content--top\" data-vce-do-apply=\"all el-b72be7fd\">\r\n<div class=\"vce-row-content\" data-vce-element-content=\"true\">\r\n<div id=\"el-77d0ea57\" class=\"vce-col vce-col--md-35p vce-col--xs-1 vce-col--xs-last vce-col--xs-first vce-col--sm-last vce-col--sm-first vce-col--md-first vce-col--lg-first vce-col--xl-first\">\r\n<div class=\"vce-col-inner\" data-vce-do-apply=\"border margin background  el-77d0ea57\">\r\n<div class=\"vce-col-content\" data-vce-element-content=\"true\" data-vce-do-apply=\"padding el-77d0ea57\">\r\n<div class=\"vce-text-block\">\r\n<div id=\"el-069826af\" class=\"vce-text-block-wrapper vce\" data-vce-do-apply=\"all el-069826af\">\r\n<p><strong>Entidad: <\/strong>Ayuntamiento de Cabez\u00f3n de la Sal<br \/><br \/><strong>Plaza: <\/strong>Intervenci\u00f3n<br \/><strong>Categor\u00eda: --<\/strong><br \/><strong>Escala:\u00a0--<\/strong><br \/><strong>Subescala:\u00a0<\/strong><\/p>\r\n<p><strong>Plazo de solicitud:\u00a0<\/strong><\/p>\r\n<p>Enlace a la convocatoria<\/p>\r\n<p><div class=\"wp-block-pdfemb-pdf-embedder-viewer\"><a href=\"https:\/\/cositalcantabria.org\/wp-content\/uploads\/2026\/08\/CabezondelaSal.pdf\" class=\"pdfemb-viewer\" style=\"\" data-width=\"max\" data-height=\"max\" data-toolbar=\"bottom\" data-toolbar-fixed=\"off\">CabezondelaSal<\/a><\/div><\/p>\r\n<\/div>\r\n<\/div>\r\n<\/div>\r\n<\/div>\r\n<\/div>\r\n\r\n<div id=\"el-71fd75f9\" class=\"vce-col vce-col--md-65p vce-col--xs-1 vce-col--xs-last vce-col--xs-first vce-col--sm-last vce-col--sm-first vce-col--md-last vce-col--lg-last vce-col--xl-last\">\r\n<div class=\"vce-col-inner\" data-vce-do-apply=\"border margin background  el-71fd75f9\">\r\n<div class=\"vce-col-content\" data-vce-element-content=\"true\" data-vce-do-apply=\"padding el-71fd75f9\">\r\n<div class=\"vce-text-block\">\r\n<div id=\"el-d7d2d763\" class=\"vce-text-block-wrapper vce\" data-vce-do-apply=\"all el-d7d2d763\">\r\n<p class=\"p1\">El Ayuntamiento de Cabez\u00f3n de la Sal tiene VACANTE LA PLAZA DE INTERVENCI\u00d3N, clasificada de categor\u00eda de entrada, por lo que <b>SOLICITO:<\/b><\/p>\r\n<p class=\"p1\">Que dicha plaza se publique en la p\u00e1gina del Colegio Oficial de Secretarios, Interventores y Tesoreros de habilitaci\u00f3n nacional, para quien le puede interesar<\/p>\r\n<p class=\"p1\">En Cabez\u00f3n de la Sal, a la fecha de la firma electr\u00f3nica, EL ALCALDE-PRESIDENTE,<\/p>\r\n<p class=\"p1\">V\u00edctor Manuel Reinoso Ortiz<\/p>\r\n<\/div>\r\n<\/div>\r\n<\/div>\r\n<\/div>\r\n<\/div>\r\n<\/div>\r\n<\/div>\r\n<\/div>\r\n","protected":false},"excerpt":{"rendered":"<p>Entidad: Ayuntamiento de Cabez\u00f3n de la SalPlaza: Intervenci\u00f3nCategor\u00eda: &#8211;Escala:\u00a0&#8211;Subescala:\u00a0 Plazo de solicitud:\u00a0 Enlace a la convocatoria El Ayuntamiento de Cabez\u00f3n de la Sal tiene VACANTE LA PLAZA DE INTERVENCI\u00d3N, clasificada [&hellip;]<\/p>\n","protected":false},"featured_media":1573,"template":"","nproject-category":[50],"nproject-tag":[],"class_list":["post-1572","nproject","type-nproject","status-publish","has-post-thumbnail","hentry","nproject-category-vacantes"],"_links":{"self":[{"href":"https:\/\/cositalcantabria.org\/index.php\/wp-json\/wp\/v2\/nproject\/1572","targetHints":{"allow":["GET"]}}],"collection":[{"href":"https:\/\/cositalcantabria.org\/index.php\/wp-json\/wp\/v2\/nproject"}],"about":[{"href":"https:\/\/cositalcantabria.org\/index.php\/wp-json\/wp\/v2\/types\/nproject"}],"wp:featuredmedia":[{"embeddable":true,"href":"https:\/\/cositalcantabria.org\/index.php\/wp-json\/wp\/v2\/media\/1573"}],"wp:attachment":[{"href":"https:\/\/cositalcantabria.org\/index.php\/wp-json\/wp\/v2\/media?parent=1572"}],"wp:term":[{"taxonomy":"nproject-category","embeddable":true,"href":"https:\/\/cositalcantabria.org\/index.php\/wp-json\/wp\/v2\/nproject-category?post=1572"},{"taxonomy":"nproject-tag","embeddable":true,"href":"https:\/\/cositalcantabria.org\/index.php\/wp-json\/wp\/v2\/nproject-tag?post=1572"}],"curies":[{"name":"wp","href":"https:\/\/api.w.org\/{rel}","templated":true}]}}