{"id":1492,"date":"2025-11-07T13:04:16","date_gmt":"2025-11-07T13:04:16","guid":{"rendered":"https:\/\/cositalcantabria.org\/?post_type=nproject&#038;p=1492"},"modified":"2026-08-25T12:02:38","modified_gmt":"2026-08-25T12:02:38","slug":"puesto-de-trabajo-de-colaboracion-de-vicesecretario-a-interventor-a-del-ayuntamiento-de-laredo","status":"publish","type":"nproject","link":"https:\/\/cositalcantabria.org\/index.php\/nproject\/puesto-de-trabajo-de-colaboracion-de-vicesecretario-a-interventor-a-del-ayuntamiento-de-laredo\/","title":{"rendered":"Puesto de trabajo de colaboraci\u00f3n de Vicesecretario\/a-Interventor\/a del Ayuntamiento de Laredo"},"content":{"rendered":"<div class=\"vce-row-container\" data-vce-boxed-width=\"true\"><div class=\"vce-row vce-row--col-gap-30 vce-row-equal-height vce-row-content--top\" id=\"el-a52ec8bc\" data-vce-do-apply=\"all el-a52ec8bc\"><div class=\"vce-row-content\" data-vce-element-content=\"true\"><div class=\"vce-col vce-col--md-auto vce-col--xs-1 vce-col--xs-last vce-col--xs-first vce-col--sm-last vce-col--sm-first vce-col--md-last vce-col--lg-last vce-col--xl-last vce-col--md-first vce-col--lg-first vce-col--xl-first\" id=\"el-c166cc30\"><div class=\"vce-col-inner\" data-vce-do-apply=\"border margin background  el-c166cc30\"><div class=\"vce-col-content\" data-vce-element-content=\"true\" data-vce-do-apply=\"padding el-c166cc30\"><div class=\"vcv-row-control-wrapper\"><\/div><\/div><\/div><\/div><\/div><\/div><\/div><div class=\"vce-row-container\" data-vce-boxed-width=\"true\"><div class=\"vce-row vce-row--col-gap-30 vce-row-equal-height vce-row-content--top\" id=\"el-b72be7fd\" data-vce-do-apply=\"all el-b72be7fd\"><div class=\"vce-row-content\" data-vce-element-content=\"true\"><div class=\"vce-col vce-col--md-35p vce-col--xs-1 vce-col--xs-last vce-col--xs-first vce-col--sm-last vce-col--sm-first vce-col--md-first vce-col--lg-first vce-col--xl-first\" id=\"el-77d0ea57\"><div class=\"vce-col-inner\" data-vce-do-apply=\"border margin background  el-77d0ea57\"><div class=\"vce-col-content\" data-vce-element-content=\"true\" data-vce-do-apply=\"padding el-77d0ea57\"><div class=\"vce-text-block\"><div class=\"vce-text-block-wrapper vce\" id=\"el-069826af\" data-vce-do-apply=\"all el-069826af\"><p><strong>Entidad: <\/strong>Ayuntamiento de Laredo<br><strong>Plaza: <\/strong>Vicesecretario\/a-Interventor\/a<br><strong>Categor\u00eda: --<\/strong><br><strong>Escala:&nbsp;--<\/strong><br><strong>Subescala:&nbsp;<\/strong><\/p>\r\n<p><strong>Plazo de solicitud:&nbsp;<\/strong><\/p>\r\n<p>Enlace a la convocatoria<\/p>\r\n<p><div class=\"wp-block-pdfemb-pdf-embedder-viewer\"><a href=\"https:\/\/cositalcantabria.org\/wp-content\/uploads\/2025\/11\/ayto_laredo2.pdf\" class=\"pdfemb-viewer\" style=\"\" data-width=\"max\" data-height=\"max\" data-toolbar=\"bottom\" data-toolbar-fixed=\"off\">ayto_laredo2<\/a><\/div><\/p>\r\n<\/div><\/div><\/div><\/div><\/div><div class=\"vce-col vce-col--md-65p vce-col--xs-1 vce-col--xs-last vce-col--xs-first vce-col--sm-last vce-col--sm-first vce-col--md-last vce-col--lg-last vce-col--xl-last\" id=\"el-71fd75f9\"><div class=\"vce-col-inner\" data-vce-do-apply=\"border margin background  el-71fd75f9\"><div class=\"vce-col-content\" data-vce-element-content=\"true\" data-vce-do-apply=\"padding el-71fd75f9\"><div class=\"vce-text-block\"><div class=\"vce-text-block-wrapper vce\" id=\"el-d7d2d763\" data-vce-do-apply=\"all el-d7d2d763\"><p class=\"p1\">Habi\u00e9ndose clasificado el puesto de trabajo de colaboraci\u00f3n de Vicesecretario\/a-Interventor\/a del Ayuntamiento de Laredo (Cantabria), reservado a funcionarios deAdministraci\u00f3n Local con habilitaci\u00f3n de car\u00e1cter nacional (https:\/\/boc.cantabria.es\/boces\/verAnuncioAction.do?idAnuBlob=418959)<\/p>\r\n<p class=\"p1\">Es inter\u00e9s de la Corporaci\u00f3n su provisi\u00f3n por funcionario de Administraci\u00f3n Local con habilitaci\u00f3n de car\u00e1cter nacional.<\/p>\r\n<p class=\"p1\">Se pone en conocimiento de los interesados para su cobertura mediante nombramiento<span class=\"Apple-converted-space\">&nbsp; <\/span>provisional o comisi\u00f3n de servicios de conformidad con lo previsto en los art\u00edculos 49 y 51 del Real Decreto 128\/2018, de 16 de marzo, por el que se regula el r\u00e9gimen jur\u00eddico de los funcionarios de administraci\u00f3n local con habilitaci\u00f3n de car\u00e1cter nacional.<\/p>\r\n<table class=\"t1\" cellspacing=\"0\" cellpadding=\"0\">\r\n<tbody>\r\n<tr>\r\n<td class=\"td1\" valign=\"top\">\r\n<p class=\"p1\">MUNICIPIO<\/p>\r\n<\/td>\r\n<td class=\"td1\" valign=\"top\">\r\n<p class=\"p1\">LAREDO<\/p>\r\n<\/td>\r\n<\/tr>\r\n<tr>\r\n<td class=\"td1\" valign=\"top\">\r\n<p class=\"p1\">N\u00ba HABITANTES<\/p>\r\n<\/td>\r\n<td class=\"td1\" valign=\"top\">\r\n<p class=\"p1\">10.752<\/p>\r\n<\/td>\r\n<\/tr>\r\n<tr>\r\n<td class=\"td1\" valign=\"top\">\r\n<p class=\"p1\">DENOMINACI\u00d3N PUESTO<\/p>\r\n<\/td>\r\n<td class=\"td1\" valign=\"top\">\r\n<p class=\"p1\">VICESECRETARIO-INTERVENTOR<\/p>\r\n<p class=\"p1\">(Puesto de colaboraci\u00f3n)<\/p>\r\n<\/td>\r\n<\/tr>\r\n<tr>\r\n<td class=\"td1\" valign=\"top\">\r\n<p class=\"p1\">NIVEL COMPLEMENTO<\/p>\r\n<p class=\"p1\">DE DESTINO<\/p>\r\n<\/td>\r\n<td class=\"td1\" valign=\"top\">\r\n<p class=\"p1\">26<\/p>\r\n<\/td>\r\n<\/tr>\r\n<tr>\r\n<td class=\"td1\" valign=\"top\">\r\n<p class=\"p1\">COMPLEMENTO<\/p>\r\n<p class=\"p1\">ESPEC\u00cdFICO<\/p>\r\n<\/td>\r\n<td class=\"td1\" valign=\"top\">\r\n<p class=\"p1\">37.843,48 \u20ac (anual)<\/p>\r\n<\/td>\r\n<\/tr>\r\n<tr>\r\n<td class=\"td1\" valign=\"top\">\r\n<p class=\"p1\">SITUACI\u00d3N ACTUAL \/<\/p>\r\n<p class=\"p1\">TIPO DE PROVISI\u00d3N<\/p>\r\n<\/td>\r\n<td class=\"td1\" valign=\"top\">\r\n<p class=\"p1\">Vacante, de nueva creaci\u00f3n \/ Nombramiento<\/p>\r\n<p class=\"p1\">provisional o comisi\u00f3n de servicios<\/p>\r\n<\/td>\r\n<\/tr>\r\n<tr>\r\n<td class=\"td1\" valign=\"top\">\r\n<p class=\"p1\">CONTACTO<\/p>\r\n<p class=\"p1\">\/ INFORMACI\u00d3N<\/p>\r\n<p class=\"p1\">AMPLIADA<\/p>\r\n<\/td>\r\n<td class=\"td1\" valign=\"top\">\r\n<p class=\"p1\">tesorero@laredo.es<\/p>\r\n<p class=\"p1\">contratacion@laredo.es<\/p>\r\n<p class=\"p1\">942 605100<\/p>\r\n<\/td>\r\n<\/tr>\r\n<\/tbody>\r\n<\/table>\r\n<p class=\"p1\">En Laredo, a la fecha de la firma electr\u00f3nica.<\/p>\r\n<p class=\"p1\">07\/11\/2025 ALCALDE\/SA<\/p>\r\n<p class=\"p1\">EL ALCALDE<\/p>\r\n<p class=\"p1\">D. Miguel Gonz\u00e1lez Gonz\u00e1lez<\/p><\/div><\/div><\/div><\/div><\/div><\/div><\/div><\/div>","protected":false},"excerpt":{"rendered":"<p>Entidad: Ayuntamiento de LaredoPlaza: Vicesecretario\/a-Interventor\/aCategor\u00eda: &#8211;Escala:&nbsp;&#8211;Subescala:&nbsp; Plazo de solicitud:&nbsp; Enlace a la convocatoria Habi\u00e9ndose clasificado el puesto de trabajo de colaboraci\u00f3n de Vicesecretario\/a-Interventor\/a del Ayuntamiento de Laredo (Cantabria), reservado a [&hellip;]<\/p>\n","protected":false},"featured_media":1489,"template":"","nproject-category":[50],"nproject-tag":[],"class_list":["post-1492","nproject","type-nproject","status-publish","has-post-thumbnail","hentry","nproject-category-vacantes"],"_links":{"self":[{"href":"https:\/\/cositalcantabria.org\/index.php\/wp-json\/wp\/v2\/nproject\/1492","targetHints":{"allow":["GET"]}}],"collection":[{"href":"https:\/\/cositalcantabria.org\/index.php\/wp-json\/wp\/v2\/nproject"}],"about":[{"href":"https:\/\/cositalcantabria.org\/index.php\/wp-json\/wp\/v2\/types\/nproject"}],"wp:featuredmedia":[{"embeddable":true,"href":"https:\/\/cositalcantabria.org\/index.php\/wp-json\/wp\/v2\/media\/1489"}],"wp:attachment":[{"href":"https:\/\/cositalcantabria.org\/index.php\/wp-json\/wp\/v2\/media?parent=1492"}],"wp:term":[{"taxonomy":"nproject-category","embeddable":true,"href":"https:\/\/cositalcantabria.org\/index.php\/wp-json\/wp\/v2\/nproject-category?post=1492"},{"taxonomy":"nproject-tag","embeddable":true,"href":"https:\/\/cositalcantabria.org\/index.php\/wp-json\/wp\/v2\/nproject-tag?post=1492"}],"curies":[{"name":"wp","href":"https:\/\/api.w.org\/{rel}","templated":true}]}}