{"id":1455,"date":"2025-06-02T11:22:56","date_gmt":"2025-06-02T11:22:56","guid":{"rendered":"https:\/\/cositalcantabria.org\/?post_type=nproject&#038;p=1455"},"modified":"2026-08-25T12:09:13","modified_gmt":"2026-08-25T12:09:13","slug":"vacante-la-plaza-de-interventor-del-ayuntamiento-de-colindres","status":"publish","type":"nproject","link":"https:\/\/cositalcantabria.org\/index.php\/nproject\/vacante-la-plaza-de-interventor-del-ayuntamiento-de-colindres\/","title":{"rendered":"Vacante la plaza de Interventor del Ayuntamiento de Colindres"},"content":{"rendered":"\r\n<div class=\"vce-row-container\" data-vce-boxed-width=\"true\">\r\n<div id=\"el-a52ec8bc\" class=\"vce-row vce-row--col-gap-30 vce-row-equal-height vce-row-content--top\" data-vce-do-apply=\"all el-a52ec8bc\">\r\n<div class=\"vce-row-content\" data-vce-element-content=\"true\">\r\n<div id=\"el-c166cc30\" class=\"vce-col vce-col--md-auto vce-col--xs-1 vce-col--xs-last vce-col--xs-first vce-col--sm-last vce-col--sm-first vce-col--md-last vce-col--lg-last vce-col--xl-last vce-col--md-first vce-col--lg-first vce-col--xl-first\">\r\n<div class=\"vce-col-inner\" data-vce-do-apply=\"border margin background  el-c166cc30\">\r\n<div class=\"vce-col-content\" data-vce-element-content=\"true\" data-vce-do-apply=\"padding el-c166cc30\">\r\n<div class=\"vcv-row-control-wrapper\">\u00a0<\/div>\r\n<\/div>\r\n<\/div>\r\n<\/div>\r\n<\/div>\r\n<\/div>\r\n<\/div>\r\n\r\n<div class=\"vce-row-container\" data-vce-boxed-width=\"true\">\r\n<div id=\"el-b72be7fd\" class=\"vce-row vce-row--col-gap-30 vce-row-equal-height vce-row-content--top\" data-vce-do-apply=\"all el-b72be7fd\">\r\n<div class=\"vce-row-content\" data-vce-element-content=\"true\">\r\n<div id=\"el-77d0ea57\" class=\"vce-col vce-col--md-35p vce-col--xs-1 vce-col--xs-last vce-col--xs-first vce-col--sm-last vce-col--sm-first vce-col--md-first vce-col--lg-first vce-col--xl-first\">\r\n<div class=\"vce-col-inner\" data-vce-do-apply=\"border margin background  el-77d0ea57\">\r\n<div class=\"vce-col-content\" data-vce-element-content=\"true\" data-vce-do-apply=\"padding el-77d0ea57\">\r\n<div class=\"vce-text-block\">\r\n<div id=\"el-069826af\" class=\"vce-text-block-wrapper vce\" data-vce-do-apply=\"all el-069826af\">\r\n<p><strong>Entidad: <\/strong>Ayuntamiento de Colindres<br \/><strong>Plaza:<\/strong> Intervenci\u00f3n<span class=\"s1\"><br \/><\/span><strong>Categor\u00eda: --<\/strong><br \/><strong>Escala:\u00a0<\/strong>-<br \/><strong>Subescala:\u00a0<\/strong><br \/><strong>Plazo de solicitud:\u00a0<\/strong><\/p>\r\n<p>Enlace a la convocatoria<\/p>\r\n<p><div class=\"wp-block-pdfemb-pdf-embedder-viewer\"><a href=\"https:\/\/cositalcantabria.org\/wp-content\/uploads\/2025\/06\/ayto_colindres.pdf\" class=\"pdfemb-viewer\" style=\"\" data-width=\"max\" data-height=\"max\" data-toolbar=\"bottom\" data-toolbar-fixed=\"off\">ayto_colindres<\/a><\/div><\/p>\r\n<\/div>\r\n<\/div>\r\n<\/div>\r\n<\/div>\r\n<\/div>\r\n\r\n<div id=\"el-71fd75f9\" class=\"vce-col vce-col--md-65p vce-col--xs-1 vce-col--xs-last vce-col--xs-first vce-col--sm-last vce-col--sm-first vce-col--md-last vce-col--lg-last vce-col--xl-last\">\r\n<div class=\"vce-col-inner\" data-vce-do-apply=\"border margin background  el-71fd75f9\">\r\n<div class=\"vce-col-content\" data-vce-element-content=\"true\" data-vce-do-apply=\"padding el-71fd75f9\">\r\n<div class=\"vce-text-block\">\r\n<div id=\"el-d7d2d763\" class=\"vce-text-block-wrapper vce\" data-vce-do-apply=\"all el-d7d2d763\">\r\n<p>Encontr\u00e1ndose previsto que el pr\u00f3ximo d\u00eda 9 de Junio de 2025 quede vacante la plaza de Interventor de este Ayuntamiento, y con la finalidad de proceder a la cobertura provisional de la misma hasta que esta sea cubierta en propiedad en los concursos que pr\u00f3ximamente sean convocados, es por lo que le traslado a Vd la citada vacante al objeto de que se haga p\u00fablica la misma para su constancia en la Direcci\u00f3n General de Administraci\u00f3n Local a los efectos oportunos de la designaci\u00f3n provisional que a tal fin se efect\u00fae por el Ayuntamiento.<\/p>\r\n<p>Atentamente.<br \/>Colindres, a la fecha de la firma electr\u00f3nica<br \/><br \/>EL ALCALDE <br \/>Fdo. Javier Incera Goyenechea<\/p>\r\n<\/div>\r\n<\/div>\r\n<\/div>\r\n<\/div>\r\n<\/div>\r\n<\/div>\r\n<\/div>\r\n<\/div>\r\n","protected":false},"excerpt":{"rendered":"<p>Entidad: Ayuntamiento de ColindresPlaza: Intervenci\u00f3nCategor\u00eda: &#8211;Escala:\u00a0-Subescala:\u00a0Plazo de solicitud:\u00a0 Enlace a la convocatoria Encontr\u00e1ndose previsto que el pr\u00f3ximo d\u00eda 9 de Junio de 2025 quede vacante la plaza de Interventor de [&hellip;]<\/p>\n","protected":false},"featured_media":1456,"template":"","nproject-category":[50],"nproject-tag":[],"class_list":["post-1455","nproject","type-nproject","status-publish","has-post-thumbnail","hentry","nproject-category-vacantes"],"_links":{"self":[{"href":"https:\/\/cositalcantabria.org\/index.php\/wp-json\/wp\/v2\/nproject\/1455","targetHints":{"allow":["GET"]}}],"collection":[{"href":"https:\/\/cositalcantabria.org\/index.php\/wp-json\/wp\/v2\/nproject"}],"about":[{"href":"https:\/\/cositalcantabria.org\/index.php\/wp-json\/wp\/v2\/types\/nproject"}],"wp:featuredmedia":[{"embeddable":true,"href":"https:\/\/cositalcantabria.org\/index.php\/wp-json\/wp\/v2\/media\/1456"}],"wp:attachment":[{"href":"https:\/\/cositalcantabria.org\/index.php\/wp-json\/wp\/v2\/media?parent=1455"}],"wp:term":[{"taxonomy":"nproject-category","embeddable":true,"href":"https:\/\/cositalcantabria.org\/index.php\/wp-json\/wp\/v2\/nproject-category?post=1455"},{"taxonomy":"nproject-tag","embeddable":true,"href":"https:\/\/cositalcantabria.org\/index.php\/wp-json\/wp\/v2\/nproject-tag?post=1455"}],"curies":[{"name":"wp","href":"https:\/\/api.w.org\/{rel}","templated":true}]}}