{"id":1432,"date":"2025-02-02T11:59:09","date_gmt":"2025-02-02T11:59:09","guid":{"rendered":"https:\/\/cositalcantabria.org\/?post_type=nproject&#038;p=1432"},"modified":"2026-08-25T12:13:03","modified_gmt":"2026-08-25T12:13:03","slug":"comunicacion-de-vacante-de-la-plaza-de-secretaria-del-ayuntamiento-de-marina-de-cudeyo","status":"publish","type":"nproject","link":"https:\/\/cositalcantabria.org\/index.php\/nproject\/comunicacion-de-vacante-de-la-plaza-de-secretaria-del-ayuntamiento-de-marina-de-cudeyo\/","title":{"rendered":"Comunicaci\u00f3n de vacante de la plaza de Secretar\u00eda del Ayuntamiento de Marina de Cudeyo"},"content":{"rendered":"\r\n<div class=\"vce-row-container\" data-vce-boxed-width=\"true\">\r\n<div id=\"el-a52ec8bc\" class=\"vce-row vce-row--col-gap-30 vce-row-equal-height vce-row-content--top\" data-vce-do-apply=\"all el-a52ec8bc\">\r\n<div class=\"vce-row-content\" data-vce-element-content=\"true\">\r\n<div id=\"el-c166cc30\" class=\"vce-col vce-col--md-auto vce-col--xs-1 vce-col--xs-last vce-col--xs-first vce-col--sm-last vce-col--sm-first vce-col--md-last vce-col--lg-last vce-col--xl-last vce-col--md-first vce-col--lg-first vce-col--xl-first\">\r\n<div class=\"vce-col-inner\" data-vce-do-apply=\"border margin background  el-c166cc30\">\r\n<div class=\"vce-col-content\" data-vce-element-content=\"true\" data-vce-do-apply=\"padding el-c166cc30\">\r\n<div class=\"vcv-row-control-wrapper\">\u00a0<\/div>\r\n<\/div>\r\n<\/div>\r\n<\/div>\r\n<\/div>\r\n<\/div>\r\n<\/div>\r\n\r\n<div class=\"vce-row-container\" data-vce-boxed-width=\"true\">\r\n<div id=\"el-b72be7fd\" class=\"vce-row vce-row--col-gap-30 vce-row-equal-height vce-row-content--top\" data-vce-do-apply=\"all el-b72be7fd\">\r\n<div class=\"vce-row-content\" data-vce-element-content=\"true\">\r\n<div id=\"el-77d0ea57\" class=\"vce-col vce-col--md-35p vce-col--xs-1 vce-col--xs-last vce-col--xs-first vce-col--sm-last vce-col--sm-first vce-col--md-first vce-col--lg-first vce-col--xl-first\">\r\n<div class=\"vce-col-inner\" data-vce-do-apply=\"border margin background  el-77d0ea57\">\r\n<div class=\"vce-col-content\" data-vce-element-content=\"true\" data-vce-do-apply=\"padding el-77d0ea57\">\r\n<div class=\"vce-text-block\">\r\n<div id=\"el-069826af\" class=\"vce-text-block-wrapper vce\" data-vce-do-apply=\"all el-069826af\">\r\n<p><strong>Entidad: <\/strong>Ayuntamiento de Marina de Cudeyo<br \/><strong>Plaza: <\/strong>Secretar\u00eda<span class=\"s1\"><br \/><\/span><strong>Categor\u00eda: --<\/strong><br \/><strong>Escala:\u00a0<\/strong>Habilitaci\u00f3n Nacional<br \/><strong>Subescala:\u00a0<\/strong><br \/><strong>Plazo de solicitud: <\/strong>10 d\u00edas h\u00e1biles<\/p>\r\n<p>Enlace a la convocatoria<\/p>\r\n<p><div class=\"wp-block-pdfemb-pdf-embedder-viewer\"><a href=\"https:\/\/cositalcantabria.org\/wp-content\/uploads\/2025\/02\/marina_cudeyo.pdf\" class=\"pdfemb-viewer\" style=\"\" data-width=\"max\" data-height=\"max\" data-toolbar=\"bottom\" data-toolbar-fixed=\"off\">marina_cudeyo<\/a><\/div><\/p>\r\n<\/div>\r\n<\/div>\r\n<\/div>\r\n<\/div>\r\n<\/div>\r\n\r\n<div id=\"el-71fd75f9\" class=\"vce-col vce-col--md-65p vce-col--xs-1 vce-col--xs-last vce-col--xs-first vce-col--sm-last vce-col--sm-first vce-col--md-last vce-col--lg-last vce-col--xl-last\">\r\n<div class=\"vce-col-inner\" data-vce-do-apply=\"border margin background  el-71fd75f9\">\r\n<div class=\"vce-col-content\" data-vce-element-content=\"true\" data-vce-do-apply=\"padding el-71fd75f9\">\r\n<div class=\"vce-text-block\">\r\n<div id=\"el-d7d2d763\" class=\"vce-text-block-wrapper vce\" data-vce-do-apply=\"all el-d7d2d763\">\r\n<p class=\"p1\"><span class=\"s1\">Visto que en los pr\u00f3ximos d\u00edas se va a dejar vacante la plaza de Secretar\u00eda municipal de este <\/span><span class=\"s1\">ayuntamiento, plaza clasificada como habilitaci\u00f3n nacional, debido a una comisi\u00f3n de servicios <\/span><span class=\"s1\">de la titular, y siendo precisa la cobertura de forma inmediata:<\/span><\/p>\r\n<p class=\"p1\"><span class=\"s1\">Se solicita al Colegio Oficial de Secretarios, Interventores y Tesoreros de la Administraci\u00f3n Local, <\/span><span class=\"s1\">se d\u00e9 la oportuna publicidad, durante un plazo de 10 d\u00edas h\u00e1biles, en la p\u00e1gina web del Colegio, c<\/span><span class=\"s1\">on el objeto de conocer si alg\u00fan funcionario est\u00e1 interesado en cubrir el puesto, para su\u00a0<\/span><span class=\"s1\">provisi\u00f3n por alguno de los sistemas previstos en el art\u00edculo 48 del Real Decreto 128\/2018, de <\/span>16 de marzo, por el que se regula el r\u00e9gimen jur\u00eddico de los funcionarios de administraci\u00f3n local\u00a0<span class=\"s1\">con habilitaci\u00f3n de car\u00e1cter nacional.<\/span><\/p>\r\n<p class=\"p1\"><span class=\"s1\">Las retribuciones del puesto de trabajo son las siguientes:<br \/><\/span><span class=\"s1\">- Grupo A1: 17.560,44 \u20ac\/a\u00f1o.<br \/><\/span><span class=\"s1\">- Complemento de destino nivel 30 16.226,84 \u20ac\/a\u00f1o.<br \/><\/span><span class=\"s1\">- Complemento espec\u00edfico anual: 37.596,16 \u20ac\/a\u00f1o.<\/span><\/p>\r\n<p class=\"p1\"><span class=\"s1\">En Marina de Cudeyo, a fecha de firma electr\u00f3nica.<br \/><\/span><span class=\"s1\">El Alcalde,<br \/><\/span>Pedro P\u00e9rez Ferradas<\/p>\r\n<\/div>\r\n<\/div>\r\n<\/div>\r\n<\/div>\r\n<\/div>\r\n<\/div>\r\n<\/div>\r\n<\/div>\r\n","protected":false},"excerpt":{"rendered":"<p>Entidad: Ayuntamiento de Marina de CudeyoPlaza: Secretar\u00edaCategor\u00eda: &#8211;Escala:\u00a0Habilitaci\u00f3n NacionalSubescala:\u00a0Plazo de solicitud: 10 d\u00edas h\u00e1biles Enlace a la convocatoria Visto que en los pr\u00f3ximos d\u00edas se va a dejar vacante la [&hellip;]<\/p>\n","protected":false},"featured_media":1433,"template":"","nproject-category":[50],"nproject-tag":[],"class_list":["post-1432","nproject","type-nproject","status-publish","has-post-thumbnail","hentry","nproject-category-vacantes"],"_links":{"self":[{"href":"https:\/\/cositalcantabria.org\/index.php\/wp-json\/wp\/v2\/nproject\/1432","targetHints":{"allow":["GET"]}}],"collection":[{"href":"https:\/\/cositalcantabria.org\/index.php\/wp-json\/wp\/v2\/nproject"}],"about":[{"href":"https:\/\/cositalcantabria.org\/index.php\/wp-json\/wp\/v2\/types\/nproject"}],"wp:featuredmedia":[{"embeddable":true,"href":"https:\/\/cositalcantabria.org\/index.php\/wp-json\/wp\/v2\/media\/1433"}],"wp:attachment":[{"href":"https:\/\/cositalcantabria.org\/index.php\/wp-json\/wp\/v2\/media?parent=1432"}],"wp:term":[{"taxonomy":"nproject-category","embeddable":true,"href":"https:\/\/cositalcantabria.org\/index.php\/wp-json\/wp\/v2\/nproject-category?post=1432"},{"taxonomy":"nproject-tag","embeddable":true,"href":"https:\/\/cositalcantabria.org\/index.php\/wp-json\/wp\/v2\/nproject-tag?post=1432"}],"curies":[{"name":"wp","href":"https:\/\/api.w.org\/{rel}","templated":true}]}}